{"id":2173,"date":"2026-03-16T15:08:25","date_gmt":"2026-03-16T14:08:25","guid":{"rendered":"https:\/\/olicentar.rs\/?post_type=aktuelni_dogadjaji&#038;p=2173"},"modified":"2026-03-16T18:12:18","modified_gmt":"2026-03-16T17:12:18","slug":"promocija-knjige-psihoanaliza-i-psihoterapija-kao-vaspitanje","status":"publish","type":"aktuelni_dogadjaji","link":"https:\/\/olicentar.rs\/sr\/aktuelni_dogadjaji\/promocija-knjige-psihoanaliza-i-psihoterapija-kao-vaspitanje\/","title":{"rendered":"Promocija knjige \"Psihoanaliza i psihoterapija kao vaspitanje\""},"content":{"rendered":"<p><br>U <strong>petak, 27. marta u 18 \u010dasova<\/strong> bi\u0107e odr\u017eana promocija knjige Psihoanaliza i psihoterapija kao vaspitanje. <\/p>\n\n\n\n<p>Ova knjiga otvara pitanje koje je dugo prisutno u psihoanaliti\u010dkoj tradiciji, ali se danas \u010desto potiskuje: da li je psihoterapija pre svega oblik le\u010denja ili proces razvoja i vaspitanja li\u010dnosti.<\/p>\n\n\n\n<p>Tokom promocije bi\u0107e re\u010di o okolnostima u kojima je pre oko \u010detiri decenije nastala prva verzija ove knjige, pisane kao priru\u010dnik za studente psihologije na predmetu Osnove psihoterapije i savetovanja na Filozofskom fakultetu u Beogradu, kao i o radu savetovali\u0161ta i edukaciji iz psihoterapije u tom periodu. Knjiga je posve\u0107ena profesoru Vladimiru Petrovi\u0107u, jednom od va\u017enih predstavnika psihoanaliti\u010dke tradicije kod nas, a promocija je i prilika da se podsetimo njegovog doprinosa, tri decenije nakon njegove smrti.<\/p>\n\n\n\n<p>Drugi deo razgovora bi\u0107e posve\u0107en centralnoj temi knjige: razumevanju psihoterapije kao vaspitnog procesa. Autor u knjizi na vi\u0161e od 450 strana analizira klju\u010dne elemente psihoanaliti\u010dkog metoda \u2013 ciljeve promene, radni savez, rad sa otporom i transferom, kao i etiku psihoanalize \u2013 kako bi precizno pokazao kako su u metod i samu strukturu psihoanaliti\u010dkog rada ugra\u0111eni principi razvoja i vaspitanja li\u010dnosti.<\/p>\n\n\n\n<p>Promocija \u0107e biti i prilika za \u0161iru diskusiju o savremenim raspravama o prirodi psihoterapije, njenom mestu izme\u0111u obrazovanja i medicine, kao i o razli\u010ditim teorijskim pogledima na njen dru\u0161tveni i profesionalni okvir danas.<\/p>\n\n\n\n<h5 class=\"wp-block-heading\"><strong>U\u010destvuju:<\/strong><\/h5>\n\n\n\n<p><strong>Neboj\u0161a Jovanovi\u0107<\/strong>, specijalista psihoanaliti\u010dke psihoterapije<\/p>\n\n\n\n<p><strong>Aleksandar Konti\u0107<\/strong>, psihoanaliti\u010dar<\/p>\n\n\n\n<p><strong>Aleksandar Fati\u0107<\/strong>, doktor filozofije i filoterapeut<\/p>\n\n\n\n<h5 class=\"wp-block-heading\">Da biste dobili link za prisustvo promociji, molimo da popunite kratak formular:<\/h5>\n\n\n\n<p><\/p>\n\n\n\n<div class=\"wp-block-buttons is-layout-flex wp-block-buttons-is-layout-flex\">\n<div class=\"wp-block-button coka-button\"><a class=\"wp-block-button__link wp-element-button\" href=\"https:\/\/forms.gle\/y5EV4CNYwJTypxid6\" target=\"_blank\" rel=\"noreferrer noopener\">\u017delim link<\/a><\/div>\n<\/div>\n\n\n\n<p><br>Dobrodo\u0161li.<\/p>","protected":false},"featured_media":2140,"template":"","categories":[22],"class_list":["post-2173","aktuelni_dogadjaji","type-aktuelni_dogadjaji","status-publish","has-post-thumbnail","hentry","category-aktuelno"],"acf":[],"_links":{"self":[{"href":"https:\/\/olicentar.rs\/sr\/wp-json\/wp\/v2\/aktuelni_dogadjaji\/2173","targetHints":{"allow":["GET"]}}],"collection":[{"href":"https:\/\/olicentar.rs\/sr\/wp-json\/wp\/v2\/aktuelni_dogadjaji"}],"about":[{"href":"https:\/\/olicentar.rs\/sr\/wp-json\/wp\/v2\/types\/aktuelni_dogadjaji"}],"wp:featuredmedia":[{"embeddable":true,"href":"https:\/\/olicentar.rs\/sr\/wp-json\/wp\/v2\/media\/2140"}],"wp:attachment":[{"href":"https:\/\/olicentar.rs\/sr\/wp-json\/wp\/v2\/media?parent=2173"}],"wp:term":[{"taxonomy":"category","embeddable":true,"href":"https:\/\/olicentar.rs\/sr\/wp-json\/wp\/v2\/categories?post=2173"}],"curies":[{"name":"wp","href":"https:\/\/api.w.org\/{rel}","templated":true}]}}