{"id":1705,"date":"2025-04-04T13:16:00","date_gmt":"2025-04-04T11:16:00","guid":{"rendered":"https:\/\/olicentar.rs\/?post_type=aktuelni_dogadjaji&#038;p=1705"},"modified":"2025-04-04T13:16:00","modified_gmt":"2025-04-04T11:16:00","slug":"oli-metod-je-sada-deo-evroazijske-konfederacije-za-psihoanaliticku-psihoterapiju","status":"publish","type":"aktuelni_dogadjaji","link":"https:\/\/olicentar.rs\/sr\/aktuelni_dogadjaji\/oli-metod-je-sada-deo-evroazijske-konfederacije-za-psihoanaliticku-psihoterapiju\/","title":{"rendered":"OLI metod je sada deo Evroazijske konfederacije za psihoanaliti\u010dku psihoterapiju!"},"content":{"rendered":"<p>Sa ponosom Vas obave\u0161tavamo da je OLI metod potvr\u0111en kao jedan od oblika psihoanaliti\u010dke psihoterapije od strane EKPP, a OLI centar postao filijala EKPP za Srbiju i region Zapadnog Balkana.<\/p>\n\n\n\n<div class=\"wp-block-columns are-vertically-aligned-top is-layout-flex wp-container-core-columns-is-layout-1 wp-block-columns-is-layout-flex\">\n<div class=\"wp-block-column is-vertically-aligned-top is-layout-flow wp-block-column-is-layout-flow\" style=\"flex-basis:50%\"><div class=\"wp-block-image is-style-default\">\n<figure class=\"alignleft size-full is-resized\"><img loading=\"lazy\" decoding=\"async\" src=\"https:\/\/olicentar.rs\/wp-content\/uploads\/2025\/04\/viber_image_2025-04-02_19-38-39-738.jpg\" alt=\"\" class=\"wp-image-1706\" width=\"411\" height=\"594\" srcset=\"https:\/\/olicentar.rs\/wp-content\/uploads\/2025\/04\/viber_image_2025-04-02_19-38-39-738.jpg 727w, https:\/\/olicentar.rs\/wp-content\/uploads\/2025\/04\/viber_image_2025-04-02_19-38-39-738-207x300.jpg 207w, https:\/\/olicentar.rs\/wp-content\/uploads\/2025\/04\/viber_image_2025-04-02_19-38-39-738-708x1024.jpg 708w, https:\/\/olicentar.rs\/wp-content\/uploads\/2025\/04\/viber_image_2025-04-02_19-38-39-738-8x12.jpg 8w, https:\/\/olicentar.rs\/wp-content\/uploads\/2025\/04\/viber_image_2025-04-02_19-38-39-738-600x868.jpg 600w\" sizes=\"auto, (max-width: 411px) 100vw, 411px\" \/><\/figure><\/div><\/div>\n\n\n\n<div class=\"wp-block-column is-vertically-aligned-top is-layout-flow wp-block-column-is-layout-flow\" style=\"flex-basis:50%\">\n<div class=\"wp-block-cover is-light\" style=\"min-height:84px;aspect-ratio:unset;\"><span aria-hidden=\"true\" class=\"wp-block-cover__background has-white-background-color has-background-dim-100 has-background-dim\"><\/span><div class=\"wp-block-cover__inner-container is-layout-flow wp-block-cover-is-layout-flow\">\n<p class=\"has-text-align-center has-large-font-size\"><\/p>\n<\/div><\/div>\n\n\n\n<p><\/p>\n\n\n\n<p><\/p>\n\n\n\n<p class=\"has-text-align-center\"><strong>ME\u0110UREGIONALNA JAVNA ORGANIZACIJA<br>\u201eEVROAZIJSKA KONFEDERACIJA PSIHOANALITI\u010cKE PSIHOTERAPIJE\u201c<\/strong><\/p>\n\n\n\n<p class=\"has-text-align-center\">Ovim potvr\u0111ujemo da se Centar integrativne psihodinamske psihoterapije OLI pridru\u017eio MOO \u201eEKPP\u201c kao strukturna me\u0111unarodna jedinica, filijala EKPP za Srbiju i region Zapadnog Balkana. <\/p>\n\n\n\n<p class=\"has-text-align-center\">Integrativna psihodinamska psihoterapija OLI priznata je kao jedan od oblika psihoanaliti\u010dke psihoterapije, i na osnovu obrazovanja u Centru OLI kandidati mogu podneti prijavu EKPP-u za dobijanje statusa specijaliste za psihoanaliti\u010dku psihoterapiju, kao i za didakti\u010dkog analiti\u010dara i supervizora.<\/p>\n\n\n\n<p class=\"has-text-align-center\">Predsednik MOO \u201eEKPP\u201c<br>L.M. Poljanova<\/p>\n<\/div>\n<\/div>\n\n\n\n<p>Tako\u0111e ovim putem \u017eelimo da \u010destitamo i na\u0161im kolegama koji su u ovom procesu stekli zvanje \"specijalista psihoanaliti\u010dke psihoterapije\" kao i autoru OLI metoda Neboj\u0161i Jovanovi\u0107u koji je stekao zvanje \"specijalista psihoanaliti\u010dke psihoterapije, didakti\u010dki analiti\u010dar i supervizor\"<br><br>Hvala svima koji ste deo OLI-ja, ovo je va\u017ean korak za sve nas!<\/p>\n\n\n\n<p><\/p>\n\n\n\n<p><\/p>","protected":false},"featured_media":1712,"template":"","categories":[22],"class_list":["post-1705","aktuelni_dogadjaji","type-aktuelni_dogadjaji","status-publish","has-post-thumbnail","hentry","category-aktuelno"],"acf":[],"_links":{"self":[{"href":"https:\/\/olicentar.rs\/sr\/wp-json\/wp\/v2\/aktuelni_dogadjaji\/1705","targetHints":{"allow":["GET"]}}],"collection":[{"href":"https:\/\/olicentar.rs\/sr\/wp-json\/wp\/v2\/aktuelni_dogadjaji"}],"about":[{"href":"https:\/\/olicentar.rs\/sr\/wp-json\/wp\/v2\/types\/aktuelni_dogadjaji"}],"wp:featuredmedia":[{"embeddable":true,"href":"https:\/\/olicentar.rs\/sr\/wp-json\/wp\/v2\/media\/1712"}],"wp:attachment":[{"href":"https:\/\/olicentar.rs\/sr\/wp-json\/wp\/v2\/media?parent=1705"}],"wp:term":[{"taxonomy":"category","embeddable":true,"href":"https:\/\/olicentar.rs\/sr\/wp-json\/wp\/v2\/categories?post=1705"}],"curies":[{"name":"wp","href":"https:\/\/api.w.org\/{rel}","templated":true}]}}