{"id":1613,"date":"2024-11-13T12:21:21","date_gmt":"2024-11-13T11:21:21","guid":{"rendered":"https:\/\/olicentar.rs\/?post_type=aktuelni_dogadjaji&#038;p=1613"},"modified":"2025-07-24T10:43:48","modified_gmt":"2025-07-24T08:43:48","slug":"webinar-osam-tipova-panicnih-napada","status":"publish","type":"aktuelni_dogadjaji","link":"https:\/\/olicentar.rs\/sr\/aktuelni_dogadjaji\/webinar-osam-tipova-panicnih-napada\/","title":{"rendered":"Webinar: Osam tipova pani\u010dnih napada"},"content":{"rendered":"<p>Autor i predava\u010d: Neboj\u0161a Jovanovi\u0107, psihoterapeut, osniva\u010d OLI centra i OLI metoda<\/p>\n\n\n\n<p>Za\u0161to bi se \u010dovek toliko upla\u0161io \u017eivota ili ne\u010dega u \u017eivotu da ga uhvati panika ili anksiozni poreme\u0107aj? Najlogi\u010dniji odgovor na to je - zato \u0161to ose\u0107a da mu nedostaje neka sposobnost ili vi\u0161e sposobnosti, pomo\u0107u kojih bi mogao da prevlada neku izazovnu situaciju ili naizgled nere\u0161iv problem.<\/p>\n\n\n\n<p>Na ovom webinaru poveza\u0107emo razli\u010dite tipove anksioznosti i napada panike sa nedostacima u razvoju neke od bazi\u010dnih emocionalnih kompetencija: neutralizacije, mentalizacije, celovitosti i konstantnosti objekta, tolerancije na frustraciju i ambivalenciju, volje i inicijative. To su bazi\u010dne sposobnosti za obradu i upravljanje emocijama koje mo\u017eda nismo u dovoljnoj meri razvili, a koje bi nam omogu\u0107ile da iza\u0111emo na kraj sa \u017eivotnim problemima i prate\u0107im emocijama koje izazivaju. Deficiti u navedenim sposobnostima izazivaju anksioznosti koje su vrlo specifi\u010dne za svaku od navedenih kompetencija.<\/p>\n\n\n\n<p>Za stru\u010dnjake koji se bave ljudima sa problemima anksioznosti i panike va\u017eno je da mogu da prepoznaju koja vrsta strahova stoji iza napada panike, koja je klju\u010dna tema vezana za njihov ose\u0107aj nesposobnosti da se nose sa \u017eivotom, sa kojom vrstom \u017eivotnih izazova ne mogu da se nose i \u0161to je najva\u017enije - koje im emocionalne kompetencije nedostaju za to. Kada zajedno sa klijentom uspeju da spoznaju sve pomenuto, bitno je da znaju kako se ba\u0161 ta kompetencija koja klijentu nedostaje mo\u017ee razvijati u psihoterapijskom procesu.<\/p>\n\n\n\n<p>Poznavanje ovih specifi\u010dnih grupa strahova, vrsta anksioznosti, tipi\u010dnih deficita u razvoju odre\u0111enih kompetencija i na\u010dina razvoja tih kompetencija omogu\u0107ava nam bolji fokus u psihoterapijskom procesu na sr\u017e problema - na ono \u0161to je klju\u010dno i na \u0161ta treba usmeriti rad sa klijentom. To mo\u017ee u\u010diniti psihoterapijski proces znatno efikasnijim, jer \u0107emo manje lutati okolnim putevima u potrazi za su\u0161tinskim problemom.<\/p>\n\n\n\n<p>Govori\u0107emo i o takozvanim \u201ckontrave\u0161tinama\u201d koje klijenti razvijaju umesto zrelih sposobnosti, zatim o sekundarnoj dobiti (nerazvojnim koristima koje klijenti nesvesno dobijaju od kori\u0161\u0107enja kontrave\u0161tina u svrhu odr\u017eavanja problema), kao i o tome kako se ti obrasci i nesvesne emocionalne dobiti pojavljuju kao otpori promeni u psihoterapijskom procesu.<\/p>\n\n\n\n<p class=\"has-text-align-left\"><br><br><em>- Neboj\u0161a Jovanovi\u0107<\/em><\/p>\n\n\n\n<h2 class=\"wp-block-heading\">Informacije o webinaru<\/h2>\n\n\n\n<p>Datum: 17. decembar 2024. (utorak)<\/p>\n\n\n\n<p>Vreme: 18:00-21:00h<\/p>\n\n\n\n<p>Webinar se realizuje online. <br><br>Cena webinara: 3000 RSD.<\/p>\n\n\n\n<p>Webinar \u0107e biti sniman i svi u\u010desnici \u0107e dobiti snimak webinara koji je dostupan narednih 30 dana. <\/p>\n\n\n\n<p><\/p>\n\n\n\n<div class=\"wp-block-buttons is-layout-flex wp-block-buttons-is-layout-flex\">\n<div class=\"wp-block-button coka-button\"><a class=\"wp-block-button__link wp-element-button\" href=\"https:\/\/forms.gle\/Np6AiZvd3sHuefRdA\" target=\"_blank\" rel=\"noreferrer noopener\">Prijavljujem se<\/a><\/div>\n<\/div>\n\n\n\n<p>Nakon popunjene prijave, instrukcije za uplatu dobi\u0107ete putem mejla. <\/p>\n\n\n\n<p>Link za pra\u0107enje webinara bi\u0107e poslat svim u\u010desnicima na dan webinara, sat vremena pred po\u010detak - u 17h. <\/p>\n\n\n\n<p><\/p>\n\n\n\n<p>Biografiju predava\u010da mo\u017eete pro\u010ditati <a href=\"https:\/\/olicentar.rs\/sr\/oli_tim-edukator\/nebojsa-jovanovic\/\">OVDE<\/a>.<\/p>\n\n\n\n<p><\/p>\n\n\n\n<p><\/p>\n\n\n\n<p>Dobro do\u0161li!<br><br><\/p>","protected":false},"featured_media":1618,"template":"","categories":[23],"class_list":["post-1613","aktuelni_dogadjaji","type-aktuelni_dogadjaji","status-publish","has-post-thumbnail","hentry","category-arhiva"],"acf":[],"_links":{"self":[{"href":"https:\/\/olicentar.rs\/sr\/wp-json\/wp\/v2\/aktuelni_dogadjaji\/1613","targetHints":{"allow":["GET"]}}],"collection":[{"href":"https:\/\/olicentar.rs\/sr\/wp-json\/wp\/v2\/aktuelni_dogadjaji"}],"about":[{"href":"https:\/\/olicentar.rs\/sr\/wp-json\/wp\/v2\/types\/aktuelni_dogadjaji"}],"wp:featuredmedia":[{"embeddable":true,"href":"https:\/\/olicentar.rs\/sr\/wp-json\/wp\/v2\/media\/1618"}],"wp:attachment":[{"href":"https:\/\/olicentar.rs\/sr\/wp-json\/wp\/v2\/media?parent=1613"}],"wp:term":[{"taxonomy":"category","embeddable":true,"href":"https:\/\/olicentar.rs\/sr\/wp-json\/wp\/v2\/categories?post=1613"}],"curies":[{"name":"wp","href":"https:\/\/api.w.org\/{rel}","templated":true}]}}