{"id":821,"date":"2022-10-29T12:45:17","date_gmt":"2022-10-29T12:45:17","guid":{"rendered":"https:\/\/olicentar.rs\/?post_type=oli-tim_ostali&#038;p=821"},"modified":"2026-03-02T14:52:59","modified_gmt":"2026-03-02T13:52:59","slug":"miljana-cvetkovic","status":"publish","type":"oli-tim_ostali","link":"https:\/\/olicentar.rs\/en\/oli-tim_ostali\/miljana-cvetkovic\/","title":{"rendered":"Bojana Kocab"},"content":{"rendered":"\n<p>Diplomirani in\u017eenjer, O.L.I. integrativni psihoterapijski savetnik i psihoterapeut pod supervizijom.<\/p>\n\n\n\n<p>\u010clanica je Udru\u017eenja za psihoterapiju, savetovanje i kou\u010ding Srbije (UPSKS).<\/p>\n\n\n\n<p>Diplomirala je na Fakultetu tehni\u010dkih nauka u Novom Sadu, na departmanu za saobra\u0107aj, na studijskom programu Po\u0161tanski saobra\u0107aj i telekomunikacije kao i na Fakultetu za ekonomiju i in\u017eenjerski menad\u017ement, na studijskom programu Drumski saobra\u0107aj i transport. Zavr\u0161ila je program psihoterapijske propedevtike na Visokoj \u0161koli socijalnog rada.<\/p>\n\n\n\n<p>Trener je razvojnih ve\u0161tina, sa sertifikatom ste\u010denim zavr\u0161etkom O.L.I. psihodinamskog treninga.<\/p>\n\n\n\n<p>Stekla je iskustvo u radu sa mladima kroz volonterski anga\u017eman u psiholo\u0161kom savetovali\u0161tu za mlade.<\/p>\n\n\n\n<p>\u017divi i radi u Novom Sadu.<\/p>\n\n\n\n<p><em>Kontakt:&nbsp;<\/em><\/p>\n\n\n\n<p><em>tel.<\/em>&nbsp;+381 60 1659 545<\/p>\n\n\n\n<p><em>e-mail:<\/em>&nbsp;<a href=\"mailto:olicentarinfo@gmail.com\">olicentarinfo@gmail.com<\/a><\/p>\n\n\n\n<p><\/p>\n\n\n\n<p><\/p>\n","protected":false},"featured_media":2089,"template":"","categories":[],"tags":[37],"class_list":["post-821","oli-tim_ostali","type-oli-tim_ostali","status-publish","has-post-thumbnail","hentry","tag-koordinator-edukanata"],"acf":[],"_links":{"self":[{"href":"https:\/\/olicentar.rs\/en\/wp-json\/wp\/v2\/oli-tim_ostali\/821","targetHints":{"allow":["GET"]}}],"collection":[{"href":"https:\/\/olicentar.rs\/en\/wp-json\/wp\/v2\/oli-tim_ostali"}],"about":[{"href":"https:\/\/olicentar.rs\/en\/wp-json\/wp\/v2\/types\/oli-tim_ostali"}],"wp:featuredmedia":[{"embeddable":true,"href":"https:\/\/olicentar.rs\/en\/wp-json\/wp\/v2\/media\/2089"}],"wp:attachment":[{"href":"https:\/\/olicentar.rs\/en\/wp-json\/wp\/v2\/media?parent=821"}],"wp:term":[{"taxonomy":"category","embeddable":true,"href":"https:\/\/olicentar.rs\/en\/wp-json\/wp\/v2\/categories?post=821"},{"taxonomy":"post_tag","embeddable":true,"href":"https:\/\/olicentar.rs\/en\/wp-json\/wp\/v2\/tags?post=821"}],"curies":[{"name":"wp","href":"https:\/\/api.w.org\/{rel}","templated":true}]}}