{"id":1655,"date":"2025-02-12T11:17:46","date_gmt":"2025-02-12T10:17:46","guid":{"rendered":"https:\/\/olicentar.rs\/?post_type=aktuelni_dogadjaji&#038;p=1655"},"modified":"2026-02-19T13:55:07","modified_gmt":"2026-02-19T12:55:07","slug":"seminar-panicni-napadi","status":"publish","type":"aktuelni_dogadjaji","link":"https:\/\/olicentar.rs\/en\/aktuelni_dogadjaji\/seminar-panicni-napadi\/","title":{"rendered":"Seminar: Pani\u010dni napadi"},"content":{"rendered":"\n<p>Autor i predava\u010d: Neboj\u0161a Jovanovi\u0107, psihoterapeut, osniva\u010d OLI centra i OLI metoda<\/p>\n\n\n\n<p>Kao \u0161to smo i najavili na <a href=\"https:\/\/olicentar.rs\/sr\/aktuelni_dogadjaji\/webinar-osam-tipova-panicnih-napada\/\" data-type=\"URL\" data-id=\"https:\/\/olicentar.rs\/sr\/aktuelni_dogadjaji\/webinar-osam-tipova-panicnih-napada\/\">webinaru \"Osam tipova pani\u010dnih napada\"<\/a>, organizujemo dvodnevni seminar na tu temu, koju \u0107emo ovog puta zna\u010dajno produbiti.<br>Autor i realizator \u0107e, kao i pro\u0161log puta, biti Neboj\u0161a Jovanovi\u0107 (psihoterapeut, osniva\u010d OLI centra i OLI metoda).<\/p>\n\n\n\n<h2 class=\"wp-block-heading\">Na ovoj edukaciji teme \u0107e biti:<\/h2>\n\n\n\n<p><br>- prikazi slu\u010dajeva<br><br>- na\u010din rada sa pani\u010dnim napadima<br><br>- prepoznavanje deficita u odre\u0111enoj emocionalnoj kompetenciji koji odre\u0111uje tip pani\u010dnog napada<br><br>- razlike izme\u0111u analize sadr\u017eaja i analize procesa<br><br>- detaljnije i dublje upoznavanje sa ovom problematikom kako bi se to moglo primeniti i na va\u0161 rad<br><br>Pored toga, mo\u017eemo na edukativnoj grupi supervizirati kroz prizmu bazi\u010dnih emocionalnih kompetencija i va\u0161e prikaze slu\u010daja vezane za rad sa anksiozno\u0161\u0107u i pani\u010dnim napadima. Uz prijavu na seminar treba da najavite ako \u017eelite da supervizirate neki svoj rad, da bismo znali koliko ima edukanata koji \u0107e izlagali i mogli da rasporedimo vreme.<br><br>Maksimalan broj edukanata koji mogu da izla\u017eu slu\u010daj je \u010detiri (4).<\/p>\n\n\n\n<p><\/p>\n\n\n\n<h2 class=\"wp-block-heading\">Ko se mo\u017ee prijaviti na seminar?<\/h2>\n\n\n\n<ol class=\"wp-block-list\">\n<li>Kao aktivni u\u010desnici (izlaga\u010di prikaza slu\u010daja) psihoterapeuti i savetnici, bilo da su akreditovani ili jo\u0161 uvek u procesu supervizije<br><\/li>\n\n\n\n<li>Kao diskutanti i i aktivni u\u010desnici bez prikaza slu\u010daja mogu se prijaviti i kolege iz pomaga\u010dkih profesija ( psiholozi, pedagozi, defektolozi, medicinari\u2026i drugi iz oblasti dru\u0161tveno humanisti\u010dkih nauka).&nbsp;<br><\/li>\n\n\n\n<li>Svi ostali zainteresovani za ovu temu mogu slu\u0161ati edukaciju i diskusiju i postavljati pitanja.<br>&nbsp;<br>Aktivni u\u010desnici \u0107e dobiti&nbsp;sertifikat o poha\u0111anju seminara&nbsp;u elektronskoj formi.<\/li>\n<\/ol>\n\n\n\n<h2 class=\"wp-block-heading\">Informacije o seminaru<\/h2>\n\n\n\n<p>Datum: 1\/2 mart 2025. (subota i nedelja)<br><br>Vreme: 10:00-16:00h<br><br>Seminar se realizuje online, putem Zoom platforme.<br><\/p>\n\n\n\n<p>Biografiju predava\u010da mo\u017eete pro\u010ditati <a href=\"https:\/\/olicentar.rs\/sr\/oli_tim-edukator\/nebojsa-jovanovic\/\">OVDE<\/a>.<\/p>\n\n\n\n<p><\/p>\n\n\n\n<p><\/p>\n\n\n\n<p>Dobro do\u0161li!<br><br><\/p>\n","protected":false},"featured_media":1656,"template":"","categories":[23],"class_list":["post-1655","aktuelni_dogadjaji","type-aktuelni_dogadjaji","status-publish","has-post-thumbnail","hentry","category-arhiva"],"acf":[],"_links":{"self":[{"href":"https:\/\/olicentar.rs\/en\/wp-json\/wp\/v2\/aktuelni_dogadjaji\/1655","targetHints":{"allow":["GET"]}}],"collection":[{"href":"https:\/\/olicentar.rs\/en\/wp-json\/wp\/v2\/aktuelni_dogadjaji"}],"about":[{"href":"https:\/\/olicentar.rs\/en\/wp-json\/wp\/v2\/types\/aktuelni_dogadjaji"}],"wp:featuredmedia":[{"embeddable":true,"href":"https:\/\/olicentar.rs\/en\/wp-json\/wp\/v2\/media\/1656"}],"wp:attachment":[{"href":"https:\/\/olicentar.rs\/en\/wp-json\/wp\/v2\/media?parent=1655"}],"wp:term":[{"taxonomy":"category","embeddable":true,"href":"https:\/\/olicentar.rs\/en\/wp-json\/wp\/v2\/categories?post=1655"}],"curies":[{"name":"wp","href":"https:\/\/api.w.org\/{rel}","templated":true}]}}