{"id":1412,"date":"2024-01-17T11:44:16","date_gmt":"2024-01-17T10:44:16","guid":{"rendered":"https:\/\/olicentar.rs\/?post_type=aktuelni_dogadjaji&#038;p=1412"},"modified":"2025-12-18T11:48:31","modified_gmt":"2025-12-18T10:48:31","slug":"besplatan-vebinar-sta-je-ispod-povrsine","status":"publish","type":"aktuelni_dogadjaji","link":"https:\/\/olicentar.rs\/en\/aktuelni_dogadjaji\/besplatan-vebinar-sta-je-ispod-povrsine\/","title":{"rendered":"Besplatan vebinar: \u0160ta je ispod povr\u0161ine?"},"content":{"rendered":"\n<p>Vebinar o asertivnoj komunikaciji iz psihodinamskog ugla<\/p>\n\n\n\n<p><strong>Autor i voditelj<\/strong> vebinara je <a href=\"https:\/\/olicentar.rs\/sr\/oli_tim-edukator\/maja-vuckovic-rueger\/\">dr Maja Rueger<\/a>, psihoterapeut i life coach, autor OLI psihodinamskog treninga asertivne komunikacije za instruktore.&nbsp;<\/p>\n\n\n\n<p><\/p>\n\n\n\n<p>Ako \u010ditate opis ovog vebinara, sigurno vas interesuju ve\u0161tine komunikacije! Mo\u017eda ste svesni da vam je komunikacija kamen spoticanja u odnosima ili \u017eelite da je unapredite ili pak tra\u017eite ne\u0161to novo \u0161to bi pobolj\u0161alo va\u0161u efikasnost kao kou\u010da, psihoterapeuta, savetnika, menad\u017eera...<\/p>\n\n\n\n<p>Mogu\u0107e da ste i poha\u0111ali neke kurseve, \u010ditali knjige o komunikaciji, \u2019kopirali\u2019 druge koje smatrate uspe\u0161nim komunikatorima.&nbsp;<\/p>\n\n\n\n<p>Sve je to od koristi... sem onda kad nije. \ud83d\ude0a<\/p>\n\n\n\n<p>A naj\u010de\u0161\u0107e nije jer je svako od nas poseban i jedinstven. Razli\u010diti okida\u010di nas razljute, u\u010dine bole\u0107ivim, nekada ranjivim, tu\u017enim, tvrdoglavim, sarkasti\u010dnim, ali i razne\u017ee nas, okura\u017ee... D\u017eaba vam u takvim situacijama \u0161to znate KAKO BI TREBALO, jer kad vas obuzme neka takva emocija, radite ono \u0161to \u2019vam padne\u2019, nema mnogo kontrole i razmi\u0161ljanja.<\/p>\n\n\n\n<p><em><mark style=\"background-color:rgba(0, 0, 0, 0);color:#13668b\" class=\"has-inline-color\">Zamislite scenario: <\/mark><\/em>De\u010dko vam prepri\u010dava neku bezazlenu situaciju, slu\u0161ate i u vama raste uznemirenost, ne razumete za\u0161to se tako ose\u0107ate, svesni ste da je to neka obi\u010dna pri\u010dica sa posla, ali kad on zavr\u0161i \u2013 vi prasnete iznervirano i pokrenete veliku sva\u0111u. Za\u0161to?<\/p>\n\n\n\n<p>Ispada da ono \u0161to ste nau\u010dili na prethodnim kursevima asertivne komunikacije, nije imalo efekta.<\/p>\n\n\n\n<p>Ovaj vebinar \u0107e vam pomo\u0107i da do\u0111ete do cilja: otkrijete te nesvesne faktore koji vas ometaju da budete uspe\u0161ni u komunikaciji.<\/p>\n\n\n\n<p>U tome je razlika izme\u0111u <a href=\"https:\/\/olicentar.rs\/sr\/treninzi\/oli-psihodinamski-asertivni-trening-instruktorski-kurs\/\">Psihodinamskog kursa asertivne komunikacije<\/a> i svih drugih!<\/p>\n\n\n\n<p>Iza svakog pona\u0161anja stoji neki motiv, a poznavanje psihodinamike vam omogu\u0107ava da ga prepoznate i radite na njemu.<\/p>\n\n\n\n<p>Dakle, dragi moji, to \u0161to ste pro\u010ditali 20000 stranica knjiga o komunikaciji, slu\u0161ali kurs koji vas je u\u010dio da koristite neke modele, ako su vas u\u010dili da \u0107e problem u odnosu nestati ako ga nazovete drugim imenom, da \u0107e i vama vrata uspeha biti otvorena kad kopirate \u201euspe\u0161ne\u201c, ZNAJTE DA TO RETKO FUNKCIONI\u0160E TAKO!<\/p>\n\n\n\n<p>Korisno je poznavati tehnike, modele, imati razli\u010dite komunikacijske alate, ali sve to vam malo vredi ako ne posedujete razvijene psiholo\u0161ke sposobnosti koje vam (NE)dozvoljavaju da te modele i tehnike koristite.<\/p>\n\n\n\n<figure class=\"wp-block-pullquote has-white-color has-text-color has-background\" style=\"background-color:#12668b\"><blockquote><p>Za\u0161to kod nekih te tehnike poma\u017eu, a kod vas ne, koji su razlozi \u0161to ste agresivni, pasivni ili pasivno agresivni, \u0161ta vam fali pa ne mo\u017eete biti asertivni, i uop\u0161te, <br>za\u0161to je va\u0161a komunikacija takva kakva jeste, sazna\u0107ete na vebinaru<br><strong><em>\u0160ta je ispod povr\u0161ine?<\/em><\/strong>,<br> gde \u0107emo se baviti asertivnom komunikacijom iz psihodinamskog ugla. <\/p><\/blockquote><\/figure>\n\n\n\n<p>Da li mislite da znate sve o komunikaciji?&nbsp;<\/p>\n\n\n\n<p>Poslu\u0161ajte ovaj vebinar i uverite se da ima \u0161ta jo\u0161 da nau\u010dite!<\/p>\n\n\n\n<p>Tokom vebinara mo\u0107i \u0107ete u \u010detu da postavljate pitanja na koja \u0107u kasnije odgovarati, a mo\u017eete i sami da postavite pitanje, date primer pa da zajedno razre\u0161imo neku problemsku situaciju u kojoj ste se na\u0161li.&nbsp;<\/p>\n\n\n\n<h2 class=\"wp-block-heading\">Informacije o vebinaru<\/h2>\n\n\n\n<p>Datum: 8.2.2024. (\u010detvrtak)<\/p>\n\n\n\n<p>Vreme: 18:00-20:00h<\/p>\n\n\n\n<p>Vebinar je besplatan i realizuje se online, putem Zoom platforme.<\/p>\n\n\n\n<p>Pogledajte snimak vebinara:<\/p>\n\n\n\n<figure class=\"wp-block-embed is-type-video is-provider-youtube wp-block-embed-youtube wp-embed-aspect-16-9 wp-has-aspect-ratio\"><div class=\"wp-block-embed__wrapper\">\n<iframe loading=\"lazy\" title=\"\u0160ta je ispod povr\u0161ine? - vebinar o asertivnoj komunikaciji iz psihodinamskog ugla\" width=\"500\" height=\"281\" src=\"https:\/\/www.youtube.com\/embed\/nuluh7Hvrks?feature=oembed\" frameborder=\"0\" allow=\"accelerometer; autoplay; clipboard-write; encrypted-media; gyroscope; picture-in-picture; web-share\" referrerpolicy=\"strict-origin-when-cross-origin\" allowfullscreen><\/iframe>\n<\/div><\/figure>\n\n\n\n<p><strong>Link za pra\u0107enje vebinara bi\u0107e poslat na dan odr\u017eavanja, putem mejla koji ste ostavili u prijavi. <\/strong><\/p>\n\n\n\n<p>Dobro do\u0161li!<\/p>\n","protected":false},"featured_media":1414,"template":"","categories":[23],"class_list":["post-1412","aktuelni_dogadjaji","type-aktuelni_dogadjaji","status-publish","has-post-thumbnail","hentry","category-arhiva"],"acf":[],"_links":{"self":[{"href":"https:\/\/olicentar.rs\/en\/wp-json\/wp\/v2\/aktuelni_dogadjaji\/1412","targetHints":{"allow":["GET"]}}],"collection":[{"href":"https:\/\/olicentar.rs\/en\/wp-json\/wp\/v2\/aktuelni_dogadjaji"}],"about":[{"href":"https:\/\/olicentar.rs\/en\/wp-json\/wp\/v2\/types\/aktuelni_dogadjaji"}],"wp:featuredmedia":[{"embeddable":true,"href":"https:\/\/olicentar.rs\/en\/wp-json\/wp\/v2\/media\/1414"}],"wp:attachment":[{"href":"https:\/\/olicentar.rs\/en\/wp-json\/wp\/v2\/media?parent=1412"}],"wp:term":[{"taxonomy":"category","embeddable":true,"href":"https:\/\/olicentar.rs\/en\/wp-json\/wp\/v2\/categories?post=1412"}],"curies":[{"name":"wp","href":"https:\/\/api.w.org\/{rel}","templated":true}]}}